{"id":4709,"date":"2024-04-19T09:51:38","date_gmt":"2024-04-19T07:51:38","guid":{"rendered":"https:\/\/excelhelefante.segucom.net\/politica-de-privacidad\/"},"modified":"2024-10-02T10:20:23","modified_gmt":"2024-10-02T08:20:23","slug":"datenschutzrichtlinie","status":"publish","type":"page","link":"https:\/\/club.excelhotelsandresorts.es\/de\/datenschutzrichtlinie\/","title":{"rendered":"Datenschutzrichtlinie"},"content":{"rendered":"\t\t<div data-elementor-type=\"wp-page\" data-elementor-id=\"4709\" class=\"elementor elementor-4709 elementor-3\">\n\t\t\t\t<div class=\"elementor-element elementor-element-3aa9c378 e-flex e-con-boxed e-con e-parent\" data-id=\"3aa9c378\" data-element_type=\"container\">\n\t\t\t\t\t<div class=\"e-con-inner\">\n\t\t\t\t<div class=\"elementor-element elementor-element-5cd124d elementor-widget elementor-widget-heading\" data-id=\"5cd124d\" data-element_type=\"widget\" data-widget_type=\"heading.default\">\n\t\t\t\t<div class=\"elementor-widget-container\">\n\t\t\t<style>\/*! elementor - v3.22.0 - 26-06-2024 *\/\n.elementor-heading-title{padding:0;margin:0;line-height:1}.elementor-widget-heading .elementor-heading-title[class*=elementor-size-]>a{color:inherit;font-size:inherit;line-height:inherit}.elementor-widget-heading .elementor-heading-title.elementor-size-small{font-size:15px}.elementor-widget-heading .elementor-heading-title.elementor-size-medium{font-size:19px}.elementor-widget-heading .elementor-heading-title.elementor-size-large{font-size:29px}.elementor-widget-heading .elementor-heading-title.elementor-size-xl{font-size:39px}.elementor-widget-heading .elementor-heading-title.elementor-size-xxl{font-size:59px}<\/style><h1 class=\"elementor-heading-title elementor-size-default\">Datenschutzrichtlinie<\/h1>\t\t<\/div>\n\t\t\t\t<\/div>\n\t\t\t\t<div class=\"elementor-element elementor-element-7286dd0 elementor-widget elementor-widget-text-editor\" data-id=\"7286dd0\" data-element_type=\"widget\" data-widget_type=\"text-editor.default\">\n\t\t\t\t<div class=\"elementor-widget-container\">\n\t\t\t<style>\/*! elementor - v3.22.0 - 26-06-2024 *\/\n.elementor-widget-text-editor.elementor-drop-cap-view-stacked .elementor-drop-cap{background-color:#69727d;color:#fff}.elementor-widget-text-editor.elementor-drop-cap-view-framed .elementor-drop-cap{color:#69727d;border:3px solid;background-color:transparent}.elementor-widget-text-editor:not(.elementor-drop-cap-view-default) .elementor-drop-cap{margin-top:8px}.elementor-widget-text-editor:not(.elementor-drop-cap-view-default) .elementor-drop-cap-letter{width:1em;height:1em}.elementor-widget-text-editor .elementor-drop-cap{float:left;text-align:center;line-height:1;font-size:50px}.elementor-widget-text-editor .elementor-drop-cap-letter{display:inline-block}<\/style>\t\t\t\t<p><strong>1. Einleitende Informationen<\/strong><\/p><p>F\u00fcr EXCEL HOTELS &amp; RESORTS, S.A ist der Schutz Ihrer personenbezogenen Daten sehr wichtig. Wir verarbeiten sie dementsprechend auf vertrauliche und sichere Weise. Wir verpflichten uns, den Schutz personenbezogener Daten zu jeder Zeit zu gew\u00e4hrleisten und keine unn\u00f6tigen Informationen zu erfassen.<\/p><p>F\u00fcr den Zugang zu unserer Website m\u00fcssen Sie sich nicht vorab registrieren. Falls Sie weitere Informationen ben\u00f6tigen, k\u00f6nnen Sie uns \u00fcber das Formular auf unserer Website kontaktieren, sofern Sie mit unserer Datenschutzrichtlinie einverstanden sind. Diese m\u00fcssen Sie akzeptieren, damit Ihre ausdr\u00fcckliche Zustimmung zur Verarbeitung der Daten zu den angegebenen Zwecken festgehalten wird.\u00a0<\/p><p>In \u00dcbereinstimmung mit der Verordnung (EU) 2016\/679 vom 27. April 2016 zum Schutz nat\u00fcrlicher Personen bei der Verarbeitung personenbezogener Daten und zum freien Datenverkehr sowie dem Organgesetz 3\/2018 vom 5. Dezember \u00fcber den Schutz personenbezogener Daten und die Gew\u00e4hrleistung digitaler Rechte informieren wir Sie mit dieser Datenschutzrichtlinie \u00fcber die Verarbeitung Ihrer Daten.<\/p><p><b style=\"text-align: var(--text-align); color: var( --e-global-color-64aecc3 ); font-family: var( --e-global-typography-primary-font-family ), Sans-serif; font-size: var( --e-global-typography-primary-font-size );\">\u00a0<\/b><\/p><p><b style=\"text-align: var(--text-align); color: var( --e-global-color-64aecc3 ); font-family: var( --e-global-typography-primary-font-family ), Sans-serif; font-size: var( --e-global-typography-primary-font-size );\">2.\u00a0<\/b><span style=\"text-align: var(--text-align); color: var( --e-global-color-64aecc3 ); font-family: var( --e-global-typography-primary-font-family ), Sans-serif; font-size: var( --e-global-typography-primary-font-size ); font-weight: var( --e-global-typography-primary-font-weight );\"><b>Wer verarbeitet die Daten?<\/b><\/span><\/p><p>Identit\u00e4t: EXCEL HOTELS &amp; RESORTS, S.A \u2013 im Folgenden Excel Hotels &amp; Resorts.<br \/>Steueridentifikationsnummer (NIF): A38083101<br \/>Sitz: Calle Santa Rosa 5 (apartamentos Royal Palm, urbanizaci\u00f3n Oasis del Sur), Arona, 38650, Teneriffa.<br \/>E-Mail-Adresse: gdpr@onahotels.com<\/p><p><b style=\"text-align: var(--text-align); color: var( --e-global-color-64aecc3 ); font-family: var( --e-global-typography-primary-font-family ), Sans-serif; font-size: var( --e-global-typography-primary-font-size );\">\u00a0<\/b><\/p><p><b style=\"text-align: var(--text-align); color: var( --e-global-color-64aecc3 ); font-family: var( --e-global-typography-primary-font-family ), Sans-serif; font-size: var( --e-global-typography-primary-font-size );\">3.\u00a0<\/b><span style=\"text-align: var(--text-align); color: var( --e-global-color-64aecc3 ); font-family: var( --e-global-typography-primary-font-family ), Sans-serif; font-size: var( --e-global-typography-primary-font-size ); font-weight: var( --e-global-typography-primary-font-weight );\"><b>Gemeinsame Verantwortlichkeit f\u00fcr die Verarbeitung<\/b><\/span><\/p><p>Der Nutzer wird dar\u00fcber informiert, dass die Verwaltung von Lebensl\u00e4ufen unter der gemeinsamen Verantwortung der Unternehmen der Marke Ona Hotels &amp; Apartments, Excel Hotels &amp; Resorts und Ona Vacation Club erfolgt. Folgende Unternehmen sind f\u00fcr die Verarbeitung verantwortlich:<\/p><p>\u2022 Clubotel La Dorada, S.L.<br \/>\u2022 Apartur Marinas de Nerja, S.L.<br \/>\u2022 Galatea Marbella, S.L.U.<br \/>\u2022 Ona Campanario Management, S.L.<br \/>\u2022 Cala Pi Maintenance, S.L.<br \/>\u2022 Inmobiliaria Aucanada, S.L.<br \/>\u2022 Excel Hotels &amp; Resorts, S.A.U.<br \/>\u2022 Wimpen Leisure Management, S.A.<br \/>\u2022 Bah\u00eda Blanca Leisures, S.L.<br \/>\u2022 Ogisaka Costa Blanca, S.L.<\/p><p><b style=\"text-align: var(--text-align); color: var( --e-global-color-64aecc3 ); font-family: var( --e-global-typography-primary-font-family ), Sans-serif; font-size: var( --e-global-typography-primary-font-size );\">\u00a0<\/b><\/p><p><b style=\"text-align: var(--text-align); color: var( --e-global-color-64aecc3 ); font-family: var( --e-global-typography-primary-font-family ), Sans-serif; font-size: var( --e-global-typography-primary-font-size );\">4.\u00a0<\/b><span style=\"text-align: var(--text-align); color: var( --e-global-color-64aecc3 ); font-family: var( --e-global-typography-primary-font-family ), Sans-serif; font-size: var( --e-global-typography-primary-font-size ); font-weight: var( --e-global-typography-primary-font-weight );\"><b>Welche Daten erfassen wir, zu welchem Zweck und wie lange?<\/b><\/span><\/p>\t\t\t\t\t\t<\/div>\n\t\t\t\t<\/div>\n\t\t\t\t<div class=\"elementor-element elementor-element-ef4a512 tabla-responsive elementor-widget elementor-widget-shortcode\" data-id=\"ef4a512\" data-element_type=\"widget\" data-widget_type=\"shortcode.default\">\n\t\t\t\t<div class=\"elementor-widget-container\">\n\t\t\t\t\t<div class=\"elementor-shortcode\">\n<table id=\"tablepress-12\" class=\"tablepress tablepress-id-12\">\n<tbody>\n<tr class=\"row-1\">\n\t<td class=\"column-1\"><strong>DATENVERARBEITUNG<\/strong><\/td><td class=\"column-2\"><strong>ZWECK UND LEGITIMATION<\/strong><\/td><td class=\"column-3\"><strong>SPEICHERFRIST<\/strong><\/td>\n<\/tr>\n<tr class=\"row-2\">\n\t<td class=\"column-1\">Funktionieren der Website<\/td><td class=\"column-2\">Zur Sicherstellung des ordnungsgem\u00e4\u00dfen Funktionierens der Website sowie ihres Betriebs werden personenbezogene Daten in dem Umfang verarbeitet, der f\u00fcr die Bereitstellung und Gew\u00e4hrleistung der Sicherheit der Anwendung und der Informationen unbedingt erforderlich ist, wobei im Einklang Art. 6.1.f) der DSGVO die legitime Grundlage das berechtigte Interesse des f\u00fcr die Verarbeitung Verantwortlichen ist.<\/td><td class=\"column-3\">Die erfassten Daten werden so lange gespeichert, wie es f\u00fcr die Erf\u00fcllung des Zwecks, f\u00fcr den sie erfasst wurden, unbedingt erforderlich ist, und in jedem Fall so lange, wie es f\u00fcr die Bestimmung der m\u00f6glichen Verantwortlichkeiten, die sich aus diesem Zweck ergeben k\u00f6nnen, erforderlich ist, wobei die in den entsprechenden Bestimmungen festgelegten Fristen ber\u00fccksichtigt werden.<\/td>\n<\/tr>\n<tr class=\"row-3\">\n\t<td class=\"column-1\">Mitgliederbereich<\/td><td class=\"column-2\">Die Daten werden zum Zweck der Verwaltung der Mitgliedschaftsunterlagen sowie zum Versand von Clubnachrichten und Newslettern gem\u00e4\u00df Art. 6.1.b) der DSGVO und Art. 21.2 des Gesetzes \u00fcber die Dienste der Informationsgesellschaft und den elektronischen Gesch\u00e4ftsverkehr (LSSI-CE) verarbeitet.<\/td><td class=\"column-3\">Die Daten werden bis zur Erledigung des Ersuchens gespeichert. In jedem Fall k\u00f6nnen sie gespeichert werden, um die m\u00f6glichen Verantwortlichkeiten zu bestimmen, die sich aus diesem Zweck ergeben k\u00f6nnen.<\/td>\n<\/tr>\n<tr class=\"row-4\">\n\t<td class=\"column-1\">Kontakt<\/td><td class=\"column-2\">Beantwortung von Ersuchen und\/oder Anfragen des Benutzers, wobei die Legitimation der Verarbeitung in der ausdr\u00fccklichen Einwilligung gem\u00e4\u00df Art. 6.1.a) der DSGVO liegt.<\/td><td class=\"column-3\">Die Daten werden bis zur Erledigung des Ersuchens gespeichert. In jedem Fall k\u00f6nnen sie gespeichert werden, um die m\u00f6glichen Verantwortlichkeiten zu bestimmen, die sich aus diesem Zweck ergeben k\u00f6nnen.<\/td>\n<\/tr>\n<tr class=\"row-5\">\n\t<td class=\"column-1\">Zahlung von Instandhaltungskosten<\/td><td class=\"column-2\">Die personenbezogenen Daten werden zum Zweck der Verwaltung des Zahlungsvorgangs und der Erf\u00fcllung der sich aus der Mitgliedschaft ergebenden vertraglichen und gesetzlichen Verpflichtungen verarbeitet, wobei die legitime Grundlage f\u00fcr die Verarbeitung das Vertragsverh\u00e4ltnis gem\u00e4\u00df Art. 6.1.b) der DSGVO sowie die gesetzliche Verpflichtung gem\u00e4\u00df Art. 6.1.c) der DSGVO ist.<\/td><td class=\"column-3\">Die erfassten Daten werden so lange gespeichert, wie es f\u00fcr die Erf\u00fcllung des Zwecks, f\u00fcr den sie erfasst wurden, unbedingt erforderlich ist, und in jedem Fall so lange, wie es f\u00fcr die Bestimmung der m\u00f6glichen Verantwortlichkeiten, die sich aus diesem Zweck ergeben k\u00f6nnen, erforderlich ist, wobei die in den entsprechenden Bestimmungen festgelegten Fristen ber\u00fccksichtigt werden.<\/td>\n<\/tr>\n<tr class=\"row-6\">\n\t<td class=\"column-1\">Senden von Informationsmitteilungen des Unternehmens und von Newslettern<\/td><td class=\"column-2\">Abonnement von Nachrichten, Promotionen und Angeboten des Unternehmens, wobei im Einklang mit Art. 6.1.a) der DSGVO die Legitimation der Verarbeitung die ausdr\u00fcckliche Einwilligung ist.<\/td><td class=\"column-3\">Die Daten werden f\u00fcr die Dauer des Abonnements des Newsletters gespeichert bzw. bis die betroffene Person von ihrem Recht auf Widerspruch oder L\u00f6schung der Daten Gebrauch macht. In jedem Fall k\u00f6nnen sie gespeichert werden, um die m\u00f6glichen Verantwortlichkeiten zu bestimmen, die sich aus diesem Zweck ergeben k\u00f6nnen.<\/td>\n<\/tr>\n<tr class=\"row-7\">\n\t<td class=\"column-1\">E-Mail-Verwaltung<\/td><td class=\"column-2\">Der Zweck der Datenverarbeitung ist die Beantwortung eingegangener Anfragen sowie die Verwaltung der gesch\u00e4ftlichen und\/oder professionellen Beziehung, wobei die Rechtsgrundlage das Vertragsverh\u00e4ltnis zwischen dem f\u00fcr die Verarbeitung Verantwortlichen und der betroffenen Person ist, im Einklang mit Art. 6.1.b) der DSGVO.<\/td><td class=\"column-3\">Die erfassten Daten werden so lange gespeichert, wie es f\u00fcr die Erf\u00fcllung des Zwecks, f\u00fcr den sie erfasst wurden, unbedingt erforderlich ist, und in jedem Fall so lange, wie es f\u00fcr die Bestimmung der m\u00f6glichen Verantwortlichkeiten, die sich aus diesem Zweck ergeben k\u00f6nnen, erforderlich ist, wobei die in den entsprechenden Bestimmungen festgelegten Fristen ber\u00fccksichtigt werden.<\/td>\n<\/tr>\n<tr class=\"row-8\">\n\t<td class=\"column-1\">Arbeiten Sie mit uns<\/td><td class=\"column-2\">Die Daten werden verarbeitet, um Ihre Bewerbung in eine Datenbank aufzunehmen, damit sie in das Auswahlverfahren einbezogen werden kann, und um Ihnen den Erhalt von Informationen \u00fcber die offenen Stellen zu erm\u00f6glichen.<br \/>\nDie Verarbeitung der personenbezogenen Daten ist durch die ausdr\u00fcckliche Zustimmung gem\u00e4\u00df Art. 6.1.a) der DSGVO legitimiert.<\/td><td class=\"column-3\">Die Daten werden nicht l\u00e4nger gespeichert, als es f\u00fcr den Zweck, f\u00fcr den sie erfasst wurden, erforderlich ist, es sei denn, es besteht eine gesetzliche Verpflichtung dazu. In diesem Fall werden sie f\u00fcr einen Zeitraum von h\u00f6chstens einem Jahr gespeichert.<\/td>\n<\/tr>\n<\/tbody>\n<\/table>\n<!-- #tablepress-12 from cache --><\/div>\n\t\t\t\t<\/div>\n\t\t\t\t<\/div>\n\t\t\t\t<div class=\"elementor-element elementor-element-e9ada1b elementor-widget elementor-widget-text-editor\" data-id=\"e9ada1b\" data-element_type=\"widget\" data-widget_type=\"text-editor.default\">\n\t\t\t\t<div class=\"elementor-widget-container\">\n\t\t\t\t\t\t\t<p><strong>5.<\/strong> <strong style=\"text-align: var(--text-align); color: var( --e-global-color-64aecc3 ); font-family: var( --e-global-typography-primary-font-family ), Sans-serif; font-size: var( --e-global-typography-primary-font-size );\">Wem werden die Daten \u00fcbermittelt?<\/strong><\/p><p>Wir werden Ihre personenbezogenen Daten nicht an Dritte weitergeben, es sei denn, wir sind dazu gesetzlich verpflichtet oder Sie haben uns Ihre ausdr\u00fcckliche Zustimmung erteilt.<\/p><p>Der Benutzer wird dar\u00fcber informiert, dass EXCEL HOTELS &amp; RESORTS, S.A. Teil einer Unternehmensgruppe unter dem Markennamen Ona Hotels &amp; Apartments ist, deren Hauptniederlassung CLUBOTEL LA DORADA, S.L. ist. Dort werden die Daten gespeichert und verwaltet, wobei die legitime Grundlage das berechtigte Interesse an der \u00dcbermittlung personenbezogener Daten innerhalb der Unternehmensgruppe f\u00fcr eigene interne Verwaltungszwecke ist<span style=\"color: var( --e-global-color-64aecc3 ); font-family: var( --e-global-typography-primary-font-family ), Sans-serif; font-size: var( --e-global-typography-primary-font-size ); font-weight: var( --e-global-typography-primary-font-weight ); text-align: var(--text-align);\">.<\/span><\/p><p><b style=\"text-align: var(--text-align); color: var( --e-global-color-64aecc3 ); font-family: var( --e-global-typography-primary-font-family ), Sans-serif; font-size: var( --e-global-typography-primary-font-size );\">\u00a0<\/b><\/p><p><b style=\"text-align: var(--text-align); color: var( --e-global-color-64aecc3 ); font-family: var( --e-global-typography-primary-font-family ), Sans-serif; font-size: var( --e-global-typography-primary-font-size );\">6.\u00a0<\/b><span style=\"text-align: var(--text-align); color: var( --e-global-color-64aecc3 ); font-family: var( --e-global-typography-primary-font-family ), Sans-serif; font-size: var( --e-global-typography-primary-font-size ); font-weight: var( --e-global-typography-primary-font-weight );\"><b>Finden internationale Daten\u00fcbermittlungen statt?<\/b><\/span><\/p><p>Es finden keine internationalen Daten\u00fcbermittlungen in Drittl\u00e4nder au\u00dferhalb der Europ\u00e4ischen Union statt.<\/p><p><b style=\"text-align: var(--text-align); color: var( --e-global-color-64aecc3 ); font-family: var( --e-global-typography-primary-font-family ), Sans-serif; font-size: var( --e-global-typography-primary-font-size );\">\u00a0<\/b><\/p><p><b style=\"text-align: var(--text-align); color: var( --e-global-color-64aecc3 ); font-family: var( --e-global-typography-primary-font-family ), Sans-serif; font-size: var( --e-global-typography-primary-font-size );\">7.\u00a0<\/b><span style=\"text-align: var(--text-align); color: var( --e-global-color-64aecc3 ); font-family: var( --e-global-typography-primary-font-family ), Sans-serif; font-size: var( --e-global-typography-primary-font-size ); font-weight: var( --e-global-typography-primary-font-weight );\"><b>Welche Rechte haben Sie als Benutzer und wie k\u00f6nnen Sie diese aus\u00fcben?<\/b><\/span><\/p><p><b>7.1\u00a0<\/b><span style=\"text-align: var(--text-align);\"><b>Recht auf Auskunft<\/b><\/span><\/p><p>Als Benutzer k\u00f6nnen Sie uns auffordern, Ihnen zu erkl\u00e4ren, was wir mit Ihren personenbezogenen Daten machen.\u00a0\u00a0<\/p><p><span style=\"text-align: var(--text-align); color: var( --e-global-color-64aecc3 ); font-family: var( --e-global-typography-primary-font-family ), Sans-serif; font-size: var( --e-global-typography-primary-font-size ); font-weight: var( --e-global-typography-primary-font-weight );\">Sie k\u00f6nnen uns unter anderem auch um Auskunft dar\u00fcber ersuchen, zu welchem Zweck Ihre personenbezogenen Daten verarbeitet werden, wie lange wir Ihre Daten speichern, welche Rechte Sie als Benutzer haben, ob Ihre Daten in ein Drittland oder an eine internationale Organisation \u00fcbermittelt worden sind, ob es automatisierte Entscheidungen gibt oder ob es auf der Website zu einer Profilerstellung kommt<\/span><span style=\"text-align: var(--text-align); color: var( --e-global-color-64aecc3 ); font-family: var( --e-global-typography-primary-font-family ), Sans-serif; font-size: var( --e-global-typography-primary-font-size ); font-weight: var( --e-global-typography-primary-font-weight );\">.<\/span><\/p><p><b>7.2\u00a0<\/b><span style=\"text-align: var(--text-align);\"><b>Recht auf Berichtigung<\/b><\/span><\/p><p>Wenn die personenbezogenen Daten, die Sie uns zur Verf\u00fcgung gestellt haben, unrichtig oder unvollst\u00e4ndig sind, haben Sie das Recht, sie zu berichtigen oder zu erg\u00e4nzen. Setzen Sie sich bitte mit uns in Verbindung und wir werden die von Ihnen gew\u00fcnschten Daten berichtigen.<\/p><p><b>7.3\u00a0<\/b><span style=\"text-align: var(--text-align);\"><b>Recht auf Einschr\u00e4nkung der Verarbeitung<\/b><\/span><\/p><p>Als Benutzer k\u00f6nnen Sie die Einschr\u00e4nkung der Verarbeitung Ihrer personenbezogenen Daten in folgenden F\u00e4llen verlangen:<\/p><p>\u2022 Wenn Sie die Richtigkeit Ihrer personenbezogenen Daten anzweifeln, w\u00e4hrend eines Zeitraums, in dem wir die Richtigkeit der Daten \u00fcberpr\u00fcfen k\u00f6nnen.<br \/>\u2022 Wenn die Verarbeitung unrechtm\u00e4\u00dfig ist und Sie der L\u00f6schung Ihrer personenbezogenen Daten widersprechen und anstelle der L\u00f6schung die Einschr\u00e4nkung ihrer Verwendung verlangen.<br \/>\u2022 Wenn wir Ihre Daten f\u00fcr die Zwecke der Verarbeitung nicht mehr ben\u00f6tigen, Sie sie aber zur Geltendmachung, Aus\u00fcbung oder Verteidigung von Anspr\u00fcchen ben\u00f6tigen.<\/p><p><b>7.4\u00a0<\/b><span style=\"text-align: var(--text-align);\"><b>Recht auf L\u00f6schung<\/b><\/span><\/p><p>Sie k\u00f6nnen verlangen, dass wir Ihre personenbezogenen Daten sofort l\u00f6schen. Wir sind verpflichtet, derartige Daten unverz\u00fcglich zu l\u00f6schen, wenn sie f\u00fcr den Zweck, f\u00fcr den sie erhoben wurden, nicht mehr erforderlich sind. Dar\u00fcber hinaus k\u00f6nnen Sie uns auffordern, Ihre Daten zu l\u00f6schen, wenn Sie Ihre Meinung \u00fcber die Einwilligung \u00e4ndern, wenn Sie widersprechen und es keine berechtigten Gr\u00fcnde f\u00fcr die Verarbeitung gibt, wenn Ihre Daten nicht korrekt verarbeitet werden, wenn Ihre Daten gel\u00f6scht werden m\u00fcssen, um einer rechtlichen Verpflichtung nachzukommen oder wenn Ihre Daten im Zusammenhang mit einem rechtlichen Angebot erfasst worden sind.<\/p><p><b>7.5\u00a0<\/b><span style=\"text-align: var(--text-align);\"><b>Recht auf Daten\u00fcbertragbarkeit<\/b><\/span><\/p><p>Wenn Sie von Ihrem Recht auf Berichtigung, L\u00f6schung oder Einschr\u00e4nkung der Verarbeitung Gebrauch gemacht haben, sind wir verpflichtet, allen Empf\u00e4ngern, denen Ihre personenbezogenen Daten \u00fcbermittelt wurden, diese Berichtigung, L\u00f6schung oder Einschr\u00e4nkung der Verarbeitung mitzuteilen, es sei denn, dies erweist sich als unm\u00f6glich oder ist mit einem unverh\u00e4ltnism\u00e4\u00dfigen Aufwand verbunden.<br \/>Als Benutzer haben Sie das Recht, von dem f\u00fcr die Datenverarbeitung Verantwortlichen dar\u00fcber informiert zu werden, wer diese Empf\u00e4nger sind.<\/p><p><b>7.6\u00a0<\/b><span style=\"text-align: var(--text-align);\"><b>Right to data portability<\/b><\/span><\/p><p>Sie haben das Recht, die uns von Ihnen zur Verf\u00fcgung gestellten personenbezogenen Daten in einem strukturierten, allgemein gebr\u00e4uchlichen und maschinenlesbaren Format zu erhalten. Dar\u00fcber hinaus haben Sie das Recht, diese Daten an andere f\u00fcr die Verarbeitung Verantwortliche zu \u00fcbermitteln, ohne dass wir dies verhindern k\u00f6nnen.<\/p><p><b>7.7\u00a0<\/b><span style=\"text-align: var(--text-align);\"><b>Recht auf Widerspruch<\/b><\/span><\/p><p>Als Benutzer haben Sie das Recht, jederzeit aus Gr\u00fcnden, die sich aus Ihren pers\u00f6nlichen Umst\u00e4nden ergeben, der Verwendung der uns zur Verf\u00fcgung gestellten personenbezogenen Daten zu widersprechen.<\/p><p><span style=\"text-align: var(--text-align); color: var( --e-global-color-64aecc3 ); font-family: var( --e-global-typography-primary-font-family ), Sans-serif; font-size: var( --e-global-typography-primary-font-size ); font-weight: var( --e-global-typography-primary-font-weight );\">Wir werden die Verarbeitung Ihrer personenbezogenen Daten einstellen, sofern nicht \u00fcberzeugende legitime Gr\u00fcnde vorliegen, die gegen\u00fcber Ihren Interessen, Rechten und Freiheiten \u00fcberwiegen, oder die Verarbeitung dem Zweck der Geltendmachung, Aus\u00fcbung oder Verteidigung von Anspr\u00fcchen dient<\/span><span style=\"text-align: var(--text-align); color: var( --e-global-color-64aecc3 ); font-family: var( --e-global-typography-primary-font-family ), Sans-serif; font-size: var( --e-global-typography-primary-font-size ); font-weight: var( --e-global-typography-primary-font-weight );\">.<\/span><\/p><p><b>7.8\u00a0<\/b><span style=\"text-align: var(--text-align);\"><b>Recht auf Widerruf der Einwilligungserkl\u00e4rung bez\u00fcglich des Datenschutzes<\/b><\/span><\/p><p>Als Nutzer haben Sie das Recht, Ihre Einwilligungserkl\u00e4rung bez\u00fcglich des Datenschutzes jederzeit zu widerrufen. Eine solche \u00c4nderung der Entscheidung \u00fcber die Einwilligung ber\u00fchrt nicht die Rechtm\u00e4\u00dfigkeit der Verarbeitung, die auf der Grundlage der vor dem Widerruf erteilten Einwilligung erfolgte.<\/p><p><b>7.9\u00a0<\/b><span style=\"text-align: var(--text-align);\"><b>Automatisierte Einzelentscheidungen, einschlie\u00dflich Profilerstellung<\/b><\/span><\/p><p>Sie haben das Recht, nicht Gegenstand einer Entscheidung zu sein, die ausschlie\u00dflich auf einer automatisierten Verarbeitung, einschlie\u00dflich Profilerstellung, beruht und die rechtliche Auswirkungen auf den Benutzer hat oder sich in \u00e4hnlicher Weise erheblich auf den Benutzer auswirkt.<\/p><p><b>7.10\u00a0<\/b><span style=\"text-align: var(--text-align);\"><b>Recht auf Beschwerde bei einer Aufsichtsbeh\u00f6rde<\/b><\/span><\/p><p>Als Benutzer haben Sie das Recht, sich bei einer Aufsichtsbeh\u00f6rde, insbesondere in dem Mitgliedstaat Ihres Wohnsitzes, Ihres Arbeitsplatzes oder des Ortes, an dem der Versto\u00df stattgefunden hat, zu beschweren, wenn Sie der Ansicht sind, dass die Verarbeitung personenbezogener Daten einen Versto\u00df gegen die DSGVO darstellt.<\/p><p><b>7.11\u00a0<\/b><span style=\"text-align: var(--text-align);\"><b>Wo k\u00f6nnen Sie Ihre Rechte aus\u00fcben?<\/b><\/span><\/p><p>Der Benutzer kann seine Rechte geltend machen, indem er eine E-Mail an die folgende Adresse schickt: gdpr@onahotels.com.<\/p><p><span style=\"text-align: var(--text-align); color: var( --e-global-color-64aecc3 ); font-family: var( --e-global-typography-primary-font-family ), Sans-serif; font-size: var( --e-global-typography-primary-font-size ); font-weight: var( --e-global-typography-primary-font-weight );\">Um die Aus\u00fcbung der in den Artikeln 15 bis 22 der Verordnung (EU) 2016\/679 \u00fcber den Datenschutz (Datenschutz-Grundverordnung) und in den Artikeln 12 bis 18 des Organgesetzes 3\/2018 vom 5. Dezember \u00fcber den Schutz personenbezogener Daten und die Gew\u00e4hrleistung der digitalen Rechte festgelegten Rechte zu erleichtern, wird den Betroffenen eine Reihe von Antragsformularen f\u00fcr die verschiedenen Rechte zur Verf\u00fcgung gestellt, wobei deren Verwendung nicht zwingend ist<\/span><span style=\"text-align: var(--text-align); color: var( --e-global-color-64aecc3 ); font-family: var( --e-global-typography-primary-font-family ), Sans-serif; font-size: var( --e-global-typography-primary-font-size ); font-weight: var( --e-global-typography-primary-font-weight );\">.<\/span><\/p><p>\u2022\u00a0<a href=\"\/wp-content\/uploads\/DATENSCHUTZRICHTLINIE-Auskunft.pdf\" target=\"_blank\" rel=\"noopener\">Auskunft<\/a><br \/>\u2022\u00a0<a href=\"\/wp-content\/uploads\/DATENSCHUTZRICHTLINIE-Widerspruch.pdf\" target=\"_blank\" rel=\"noopener\">Widerspruch<\/a><br \/>\u2022\u00a0<a href=\"\/wp-content\/uploads\/DATENSCHUTZRICHTLINIE-Loschung.pdf\" target=\"_blank\" rel=\"noopener\">L\u00f6schung<\/a><br \/>\u2022\u00a0<a href=\"\/wp-content\/uploads\/DATENSCHUTZRICHTLINIE-Einschrankung-der-Verarbeitung.pdf\" target=\"_blank\" rel=\"noopener\">Einschr\u00e4nkung der Verarbeitung<\/a><br \/>\u2022\u00a0<a href=\"\/wp-content\/uploads\/DATENSCHUTZRICHTLINIE-Berichtigung.pdf\" target=\"_blank\" rel=\"noopener\">Berichtigung<\/a><br \/>\u2022\u00a0<a style=\"text-align: var(--text-align); font-family: var( --e-global-typography-primary-font-family ), Sans-serif; font-size: var( --e-global-typography-primary-font-size ); font-weight: var( --e-global-typography-primary-font-weight );\" href=\"\/wp-content\/uploads\/DATENSCHUTZRICHTLINIE-Datenubertragbarkeit.pdf\" target=\"_blank\" rel=\"noopener\">Daten\u00fcbertragbarkeit<\/a><\/p><p><b style=\"text-align: var(--text-align); color: var( --e-global-color-64aecc3 ); font-family: var( --e-global-typography-primary-font-family ), Sans-serif; font-size: var( --e-global-typography-primary-font-size );\">\u00a0<\/b><\/p><p><b style=\"text-align: var(--text-align); color: var( --e-global-color-64aecc3 ); font-family: var( --e-global-typography-primary-font-family ), Sans-serif; font-size: var( --e-global-typography-primary-font-size );\">8.\u00a0<\/b><span style=\"text-align: var(--text-align); color: var( --e-global-color-64aecc3 ); font-family: var( --e-global-typography-primary-font-family ), Sans-serif; font-size: var( --e-global-typography-primary-font-size ); font-weight: var( --e-global-typography-primary-font-weight );\"><b>M\u00fcssen alle in den Datenerfassungsformularen geforderten Angaben gemacht werden?<\/b><\/span><\/p><p>Was die Formulare auf der Website betrifft, so sind diejenigen Angaben zu machen, die als \u201eerforderlich\u201c gekennzeichnet sind. Die Nichtangabe oder unvollst\u00e4ndige Angabe der erforderlichen personenbezogenen Daten kann dazu f\u00fchren, dass EXCEL HOTELS &amp; RESORTS, S.A nicht in der Lage ist, Ihre Anfragen zu bearbeiten.<\/p><p><span style=\"text-align: var(--text-align);\">In diesem Fall ist EXCEL HOTELS &amp; RESORTS, S.A von jeglicher Haftung bez\u00fcglich der Nichterbringung oder unvollst\u00e4ndigen Erbringung der angeforderten Dienstleistungen befreit<\/span><span style=\"text-align: var(--text-align); color: var( --e-global-color-64aecc3 ); font-family: var( --e-global-typography-primary-font-family ), Sans-serif; font-size: var( --e-global-typography-primary-font-size ); font-weight: var( --e-global-typography-primary-font-weight );\">.<\/span><\/p><p><b style=\"text-align: var(--text-align); color: var( --e-global-color-64aecc3 ); font-family: var( --e-global-typography-primary-font-family ), Sans-serif; font-size: var( --e-global-typography-primary-font-size );\">\u00a0<\/b><\/p><p><b style=\"text-align: var(--text-align); color: var( --e-global-color-64aecc3 ); font-family: var( --e-global-typography-primary-font-family ), Sans-serif; font-size: var( --e-global-typography-primary-font-size );\">9.\u00a0<\/b><span style=\"text-align: var(--text-align); color: var( --e-global-color-64aecc3 ); font-family: var( --e-global-typography-primary-font-family ), Sans-serif; font-size: var( --e-global-typography-primary-font-size ); font-weight: var( --e-global-typography-primary-font-weight );\"><b>Welche Sicherheitsma\u00dfnahmen haben wir implementiert?<\/b><\/span><\/p><p>Wir informieren Sie dar\u00fcber, dass wir Ihre personenbezogenen Daten in \u00dcbereinstimmung mit den geltenden Vorschriften im Bereich des Datenschutzes und der Dienste der Informationsgesellschaft behandeln und verwenden.\u00a0<\/p><p><span style=\"text-align: var(--text-align); color: var( --e-global-color-64aecc3 ); font-family: var( --e-global-typography-primary-font-family ), Sans-serif; font-size: var( --e-global-typography-primary-font-size ); font-weight: var( --e-global-typography-primary-font-weight );\">Wir haben die erforderlichen technischen und organisatorischen Sicherheitsma\u00dfnahmen implementiert, um die Sicherheit der personenbezogenen Daten des Benutzers zu gew\u00e4hrleisten und ihre Ver\u00e4nderung, ihren Verlust, ihre Verarbeitung und\/oder den unbefugten Zugriff auf sie zu verhindern, entsprechend dem Stand der Technik, der Art der gespeicherten Daten und den Risiken, denen sie ausgesetzt sind, sei es durch menschliches Handeln oder durch die physische oder nat\u00fcrliche Umgebung, in \u00dcbereinstimmung mit den geltenden Bestimmungen<\/span><span style=\"text-align: var(--text-align); color: var( --e-global-color-64aecc3 ); font-family: var( --e-global-typography-primary-font-family ), Sans-serif; font-size: var( --e-global-typography-primary-font-size ); font-weight: var( --e-global-typography-primary-font-weight );\">.<\/span><\/p>\t\t\t\t\t\t<\/div>\n\t\t\t\t<\/div>\n\t\t\t\t\t<\/div>\n\t\t\t\t<\/div>\n\t\t\t\t<\/div>\n\t\t","protected":false},"excerpt":{"rendered":"Datenschutzrichtlinie 1. Einleitende InformationenF\u00fcr EXCEL HOTELS &amp; RESORTS, S.A ist der Schutz Ihrer personenbezogenen Daten sehr wichtig. Wir verarbeiten sie dementsprechend auf vertrauliche und sichere Weise. Wir verpflichten uns, den Schutz personenbezogener Daten zu jeder Zeit zu gew\u00e4hrleisten und keine unn\u00f6tigen Informationen zu erfassen.F\u00fcr den Zugang zu unserer Website m\u00fcssen Sie sich nicht vorab registrieren. [&hellip;]","protected":false},"author":1,"featured_media":0,"parent":0,"menu_order":0,"comment_status":"closed","ping_status":"closed","template":"elementor_header_footer","meta":{"_genesis_hide_title":false,"_genesis_hide_breadcrumbs":false,"_genesis_hide_singular_image":false,"_genesis_hide_footer_widgets":false,"_genesis_custom_body_class":"","_genesis_custom_post_class":"","_genesis_layout":"","footnotes":""},"class_list":{"0":"post-4709","1":"page","2":"type-page","3":"status-publish","5":"entry"},"yoast_head":"<!-- This site is optimized with the Yoast SEO plugin v23.0 - https:\/\/yoast.com\/wordpress\/plugins\/seo\/ -->\n<title>Datenschutzrichtlinie - Excel Hotels &amp; Resorts<\/title>\n<meta name=\"robots\" content=\"noindex, follow, max-snippet:-1, max-image-preview:large, max-video-preview:-1\" \/>\n<meta property=\"og:locale\" content=\"de_DE\" \/>\n<meta property=\"og:type\" content=\"article\" \/>\n<meta property=\"og:title\" content=\"Datenschutzrichtlinie - Excel Hotels &amp; Resorts\" \/>\n<meta property=\"og:description\" content=\"Datenschutzrichtlinie 1. Einleitende InformationenF\u00fcr EXCEL HOTELS &amp; RESORTS, S.A ist der Schutz Ihrer personenbezogenen Daten sehr wichtig. Wir verarbeiten sie dementsprechend auf vertrauliche und sichere Weise. Wir verpflichten uns, den Schutz personenbezogener Daten zu jeder Zeit zu gew\u00e4hrleisten und keine unn\u00f6tigen Informationen zu erfassen.F\u00fcr den Zugang zu unserer Website m\u00fcssen Sie sich nicht vorab registrieren. [&hellip;]\" \/>\n<meta property=\"og:url\" content=\"https:\/\/club.excelhotelsandresorts.es\/de\/datenschutzrichtlinie\/\" \/>\n<meta property=\"og:site_name\" content=\"Excel Hotels &amp; Resorts\" \/>\n<meta property=\"article:modified_time\" content=\"2024-10-02T08:20:23+00:00\" \/>\n<meta name=\"twitter:card\" content=\"summary_large_image\" \/>\n<meta name=\"twitter:label1\" content=\"Gesch\u00e4tzte Lesezeit\" \/>\n\t<meta name=\"twitter:data1\" content=\"8\u00a0Minuten\" \/>\n<script type=\"application\/ld+json\" class=\"yoast-schema-graph\">{\"@context\":\"https:\/\/schema.org\",\"@graph\":[{\"@type\":\"WebPage\",\"@id\":\"https:\/\/club.excelhotelsandresorts.es\/de\/datenschutzrichtlinie\/\",\"url\":\"https:\/\/club.excelhotelsandresorts.es\/de\/datenschutzrichtlinie\/\",\"name\":\"Datenschutzrichtlinie - Excel Hotels &amp; Resorts\",\"isPartOf\":{\"@id\":\"https:\/\/club.excelhotelsandresorts.es\/#website\"},\"datePublished\":\"2024-04-19T07:51:38+00:00\",\"dateModified\":\"2024-10-02T08:20:23+00:00\",\"breadcrumb\":{\"@id\":\"https:\/\/club.excelhotelsandresorts.es\/de\/datenschutzrichtlinie\/#breadcrumb\"},\"inLanguage\":\"de\",\"potentialAction\":[{\"@type\":\"ReadAction\",\"target\":[\"https:\/\/club.excelhotelsandresorts.es\/de\/datenschutzrichtlinie\/\"]}]},{\"@type\":\"BreadcrumbList\",\"@id\":\"https:\/\/club.excelhotelsandresorts.es\/de\/datenschutzrichtlinie\/#breadcrumb\",\"itemListElement\":[{\"@type\":\"ListItem\",\"position\":1,\"name\":\"Home\",\"item\":\"https:\/\/club.excelhotelsandresorts.es\/de\/\"},{\"@type\":\"ListItem\",\"position\":2,\"name\":\"Datenschutzrichtlinie\"}]},{\"@type\":\"WebSite\",\"@id\":\"https:\/\/club.excelhotelsandresorts.es\/#website\",\"url\":\"https:\/\/club.excelhotelsandresorts.es\/\",\"name\":\"Excel Hotels &amp; Resorts\",\"description\":\"\",\"potentialAction\":[{\"@type\":\"SearchAction\",\"target\":{\"@type\":\"EntryPoint\",\"urlTemplate\":\"https:\/\/club.excelhotelsandresorts.es\/?s={search_term_string}\"},\"query-input\":\"required name=search_term_string\"}],\"inLanguage\":\"de\"}]}<\/script>\n<!-- \/ Yoast SEO plugin. -->","yoast_head_json":{"title":"Datenschutzrichtlinie - Excel Hotels &amp; Resorts","robots":{"index":"noindex","follow":"follow","max-snippet":"max-snippet:-1","max-image-preview":"max-image-preview:large","max-video-preview":"max-video-preview:-1"},"og_locale":"de_DE","og_type":"article","og_title":"Datenschutzrichtlinie - Excel Hotels &amp; Resorts","og_description":"Datenschutzrichtlinie 1. Einleitende InformationenF\u00fcr EXCEL HOTELS &amp; RESORTS, S.A ist der Schutz Ihrer personenbezogenen Daten sehr wichtig. Wir verarbeiten sie dementsprechend auf vertrauliche und sichere Weise. Wir verpflichten uns, den Schutz personenbezogener Daten zu jeder Zeit zu gew\u00e4hrleisten und keine unn\u00f6tigen Informationen zu erfassen.F\u00fcr den Zugang zu unserer Website m\u00fcssen Sie sich nicht vorab registrieren. [&hellip;]","og_url":"https:\/\/club.excelhotelsandresorts.es\/de\/datenschutzrichtlinie\/","og_site_name":"Excel Hotels &amp; Resorts","article_modified_time":"2024-10-02T08:20:23+00:00","twitter_card":"summary_large_image","twitter_misc":{"Gesch\u00e4tzte Lesezeit":"8\u00a0Minuten"},"schema":{"@context":"https:\/\/schema.org","@graph":[{"@type":"WebPage","@id":"https:\/\/club.excelhotelsandresorts.es\/de\/datenschutzrichtlinie\/","url":"https:\/\/club.excelhotelsandresorts.es\/de\/datenschutzrichtlinie\/","name":"Datenschutzrichtlinie - Excel Hotels &amp; Resorts","isPartOf":{"@id":"https:\/\/club.excelhotelsandresorts.es\/#website"},"datePublished":"2024-04-19T07:51:38+00:00","dateModified":"2024-10-02T08:20:23+00:00","breadcrumb":{"@id":"https:\/\/club.excelhotelsandresorts.es\/de\/datenschutzrichtlinie\/#breadcrumb"},"inLanguage":"de","potentialAction":[{"@type":"ReadAction","target":["https:\/\/club.excelhotelsandresorts.es\/de\/datenschutzrichtlinie\/"]}]},{"@type":"BreadcrumbList","@id":"https:\/\/club.excelhotelsandresorts.es\/de\/datenschutzrichtlinie\/#breadcrumb","itemListElement":[{"@type":"ListItem","position":1,"name":"Home","item":"https:\/\/club.excelhotelsandresorts.es\/de\/"},{"@type":"ListItem","position":2,"name":"Datenschutzrichtlinie"}]},{"@type":"WebSite","@id":"https:\/\/club.excelhotelsandresorts.es\/#website","url":"https:\/\/club.excelhotelsandresorts.es\/","name":"Excel Hotels &amp; Resorts","description":"","potentialAction":[{"@type":"SearchAction","target":{"@type":"EntryPoint","urlTemplate":"https:\/\/club.excelhotelsandresorts.es\/?s={search_term_string}"},"query-input":"required name=search_term_string"}],"inLanguage":"de"}]}},"_links":{"self":[{"href":"https:\/\/club.excelhotelsandresorts.es\/de\/wp-json\/wp\/v2\/pages\/4709"}],"collection":[{"href":"https:\/\/club.excelhotelsandresorts.es\/de\/wp-json\/wp\/v2\/pages"}],"about":[{"href":"https:\/\/club.excelhotelsandresorts.es\/de\/wp-json\/wp\/v2\/types\/page"}],"author":[{"embeddable":true,"href":"https:\/\/club.excelhotelsandresorts.es\/de\/wp-json\/wp\/v2\/users\/1"}],"replies":[{"embeddable":true,"href":"https:\/\/club.excelhotelsandresorts.es\/de\/wp-json\/wp\/v2\/comments?post=4709"}],"version-history":[{"count":27,"href":"https:\/\/club.excelhotelsandresorts.es\/de\/wp-json\/wp\/v2\/pages\/4709\/revisions"}],"predecessor-version":[{"id":4975,"href":"https:\/\/club.excelhotelsandresorts.es\/de\/wp-json\/wp\/v2\/pages\/4709\/revisions\/4975"}],"wp:attachment":[{"href":"https:\/\/club.excelhotelsandresorts.es\/de\/wp-json\/wp\/v2\/media?parent=4709"}],"curies":[{"name":"wp","href":"https:\/\/api.w.org\/{rel}","templated":true}]}}